{"id":1986,"date":"2017-05-24T20:44:49","date_gmt":"2017-05-24T20:44:49","guid":{"rendered":"http:\/\/julianka.com.ar\/f&#038;g\/?page_id=1986"},"modified":"2026-02-18T14:29:40","modified_gmt":"2026-02-18T17:29:40","slug":"prensa","status":"publish","type":"page","link":"https:\/\/fga.com.ar\/en\/prensa\/","title":{"rendered":"Prensa"},"content":{"rendered":"<p>[vc_row full_width=&#8221;stretch_row_content_no_spaces&#8221; css=&#8221;.vc_custom_1495342692077{margin-bottom: 0px !important;}&#8221;][vc_column][vc_single_image image=&#8221;2230&#8243; img_size=&#8221;1350&#215;400&#8243; alignment=&#8221;center&#8221;][\/vc_column][\/vc_row][vc_row full_width=&#8221;stretch_row_content_no_spaces&#8221; css=&#8221;.vc_custom_1495343062134{padding-top: 50px !important;padding-bottom: 50px !important;background-color: #f2f2f2 !important;}&#8221;][vc_column][vc_custom_heading text=&#8221;Prensa&#8221; font_container=&#8221;tag:h1|text_align:center|color:%23002e5b&#8221; google_fonts=&#8221;font_family:Poppins%3A300%2Cregular%2C500%2C600%2C700|font_style:600%20semi-bold%3A600%3Anormal&#8221; subtitle_color=&#8221;#002e5b&#8221; el_class=&#8221;no-text-transform&#8221; css=&#8221;.vc_custom_1495658529899{padding-bottom: 20px !important;}&#8221;][vc_column_text el_class=&#8221;home-texto1 texto-desktop&#8221;]<\/p>\n<p style=\"text-align: center;\"><span style=\"font-size: 12pt; color: #333333;\"><strong>Los profesionales de Finanzas &amp; Gesti\u00f3n son consultados habitualmente <\/strong><\/span><\/p>\n<p style=\"text-align: center;\"><span style=\"font-size: 12pt; color: #333333;\"><strong>por medios period\u00edsticos argentinos y extranjeros, especializados en econom\u00eda, finanzas y negocios, <\/strong><\/span><\/p>\n<p style=\"text-align: center;\"><span style=\"font-size: 12pt; color: #333333;\"><strong>para proveer un marco de referencia sobre la evoluci\u00f3n de los principales mercados financieros y tendencias en banca de inversi\u00f3n.<\/strong><\/span><\/p>\n<p>[\/vc_column_text][vc_column_text el_class=&#8221;home-texto1 texto-mobile&#8221; css=&#8221;.vc_custom_1500266399070{padding-right: 15px !important;padding-left: 15px !important;}&#8221;]<\/p>\n<p style=\"text-align: justify;\"><span style=\"font-size: 12pt; color: #333333;\"><strong>Los profesionales de Finanzas &amp; Gesti\u00f3n son consultados habitualmente por medios period\u00edsticos argentinos y extranjeros, especializados en econom\u00eda, finanzas y negocios, para proveer un marco de referencia sobre la evoluci\u00f3n de los principales mercados financieros y tendencias en banca de inversi\u00f3n.<\/strong><\/span><\/p>\n<p>[\/vc_column_text][\/vc_column][\/vc_row][vc_row css=&#8221;.vc_custom_1495344006631{margin-top: 50px !important;margin-bottom: 50px !important;}&#8221;][vc_column width=&#8221;2\/12&#8243;][\/vc_column][vc_column width=&#8221;8\/12&#8243;][vc_row_inner][vc_column_inner][vc_custom_heading icon=&#8221;far fa-file-pdf&#8221; icon_size=&#8221;35&#8243; text=&#8221;United States &#8211; Argentina &#8211; Reciprocal Trade and Investment Agreement&#8221; font_container=&#8221;tag:h2|font_size:22|text_align:left|color:%23002e5b&#8221; google_fonts=&#8221;font_family:Poppins%3A300%2Cregular%2C500%2C600%2C700|font_style:500%20medium%3A500%3Anormal&#8221; subtitle=&#8221;February &#8211; 2026&#8243; link=&#8221;url:https%3A%2F%2Ffga.com.ar%2Fwp-content%2Fuploads%2F2026%2F02%2FFG-United-States-Argentina-Reciprocal-Trade-and-Investment-Agreement-ARTI-v2.pdf|target:_blank&#8221; el_class=&#8221;no-text-transform no-line&#8221;][vc_separator][\/vc_column_inner][vc_column_inner][vc_custom_heading icon=&#8221;far fa-file-pdf&#8221; icon_size=&#8221;35&#8243; text=&#8221;La Naci\u00f3n &#8211; Entrevista &#8211; Patricio Rotman&#8221; font_container=&#8221;tag:h2|font_size:22|text_align:left|color:%23002e5b&#8221; google_fonts=&#8221;font_family:Poppins%3A300%2Cregular%2C500%2C600%2C700|font_style:500%20medium%3A500%3Anormal&#8221; subtitle=&#8221;Mayo 2025 &#8211; Entrevista &#8211; Patricio Rotman&#8221; link=&#8221;url:https%3A%2F%2Ffga.com.ar%2Fwp-content%2Fuploads%2F2025%2F05%2FLa-Nacion-MA-2025.pdf|target:_blank&#8221; el_class=&#8221;no-text-transform no-line&#8221;][vc_separator][\/vc_column_inner][vc_column_inner][vc_custom_heading icon=&#8221;far fa-file-pdf&#8221; icon_size=&#8221;35&#8243; text=&#8221;Apertura &#8211; Entrevista &#8211; Patricio Rotman&#8221; font_container=&#8221;tag:h2|font_size:22|text_align:left|color:%23002e5b&#8221; google_fonts=&#8221;font_family:Poppins%3A300%2Cregular%2C500%2C600%2C700|font_style:500%20medium%3A500%3Anormal&#8221; subtitle=&#8221;Diciembre 2024 &#8211; &#8220;Con la mirada en la liberaci\u00f3n del cepo&#8220;&#8221; link=&#8221;url:https%3A%2F%2Ffga.com.ar%2Fwp-content%2Fuploads%2F2025%2F01%2FPR-Apertura.pdf|target:_blank&#8221; el_class=&#8221;no-text-transform no-line&#8221;][vc_separator][\/vc_column_inner][vc_column_inner][vc_custom_heading icon=&#8221;far fa-file-pdf&#8221; icon_size=&#8221;35&#8243; text=&#8221;Clarin &#8211; Entrevista &#8211; Mario Caramutti&#8221; font_container=&#8221;tag:h2|font_size:22|text_align:left|color:%23002e5b&#8221; google_fonts=&#8221;font_family:Poppins%3A300%2Cregular%2C500%2C600%2C700|font_style:500%20medium%3A500%3Anormal&#8221; subtitle=&#8221;Noviembre 2024 &#8211; &#8220;Cambios en el negocio del manejo de efectivo&#8220;&#8221; link=&#8221;url:https%3A%2F%2Ffga.com.ar%2Fwp-content%2Fuploads%2F2024%2F11%2FClarin-Cambios-en-el-negocio-del-manejo-de-efectivo.pdf|target:_blank&#8221; el_class=&#8221;no-text-transform no-line&#8221;][vc_separator][\/vc_column_inner][vc_column_inner][vc_custom_heading icon=&#8221;far fa-file-pdf&#8221; icon_size=&#8221;35&#8243; text=&#8221;Gala a beneficio de Fleni&#8221; font_container=&#8221;tag:h2|font_size:22|text_align:left|color:%23002e5b&#8221; google_fonts=&#8221;font_family:Poppins%3A300%2Cregular%2C500%2C600%2C700|font_style:500%20medium%3A500%3Anormal&#8221; subtitle=&#8221;Septiembre 2024&#8243; link=&#8221;url:https%3A%2F%2Ffga.com.ar%2Fwp-content%2Fuploads%2F2024%2F10%2FGala_Fleni_2024.pdf|target:_blank&#8221; el_class=&#8221;no-text-transform no-line&#8221;][vc_separator][\/vc_column_inner][vc_column_inner][vc_custom_heading icon=&#8221;far fa-file-pdf&#8221; icon_size=&#8221;35&#8243; text=&#8221;Clar\u00edn &#8211; Entrevista &#8211; Mario Caramutti&#8221; font_container=&#8221;tag:h2|font_size:22|text_align:left|color:%23002e5b&#8221; google_fonts=&#8221;font_family:Poppins%3A300%2Cregular%2C500%2C600%2C700|font_style:500%20medium%3A500%3Anormal&#8221; subtitle=&#8221;Julio 2024 &#8211; &#8220;Una por una, todas las empresas que se fueron con Javier Milei y qui\u00e9nes las compraron&#8220;&#8221; link=&#8221;url:https%3A%2F%2Ffga.com.ar%2Fwp-content%2Fuploads%2F2024%2F07%2FClar%C3%ADn-Interview-Mario-Caramutti.pdf|target:_blank&#8221; el_class=&#8221;no-text-transform no-line&#8221;][vc_separator][\/vc_column_inner][vc_column_inner][vc_custom_heading icon=&#8221;far fa-file-pdf&#8221; icon_size=&#8221;35&#8243; text=&#8221;M&amp;A Worldwide report&#8221; font_container=&#8221;tag:h2|font_size:22|text_align:left|color:%23002e5b&#8221; google_fonts=&#8221;font_family:Poppins%3A300%2Cregular%2C500%2C600%2C700|font_style:500%20medium%3A500%3Anormal&#8221; subtitle=&#8221;Junio 2024 &#8211; &#8220;Clinic Consolidation: A Prescription for Success&#8220;&#8221; link=&#8221;url:https%3A%2F%2Ffga.com.ar%2Fwp-content%2Fuploads%2F2024%2F07%2FMA-WW_Industry-report_Healthcare_Q1-2024_vf.pdf|target:_blank&#8221; el_class=&#8221;no-text-transform no-line&#8221;][vc_separator][\/vc_column_inner][vc_column_inner][vc_custom_heading icon=&#8221;far fa-file-pdf&#8221; icon_size=&#8221;35&#8243; text=&#8221;F&amp;G &#8211; Milei\u2019s First Six Months in Government&#8221; font_container=&#8221;tag:h2|font_size:22|text_align:left|color:%23002e5b&#8221; google_fonts=&#8221;font_family:Poppins%3A300%2Cregular%2C500%2C600%2C700|font_style:500%20medium%3A500%3Anormal&#8221; subtitle=&#8221;Junio 2024&#8243; link=&#8221;url:https%3A%2F%2Ffga.com.ar%2Fwp-content%2Fuploads%2F2024%2F07%2FMilei%E2%80%99s-First-Six-Months-in-Government-v28.06.2024.pdf|target:_blank&#8221; el_class=&#8221;no-text-transform no-line&#8221;][vc_separator][\/vc_column_inner][vc_column_inner][vc_custom_heading icon=&#8221;far fa-file-pdf&#8221; icon_size=&#8221;35&#8243; text=&#8221;Clar\u00edn &#8211; Entrevista &#8211; Mario Caramutti&#8221; font_container=&#8221;tag:h2|font_size:22|text_align:left|color:%23002e5b&#8221; google_fonts=&#8221;font_family:Poppins%3A300%2Cregular%2C500%2C600%2C700|font_style:500%20medium%3A500%3Anormal&#8221; subtitle=&#8221;Junio 2024 &#8211; &#8220;\u00c9xodo de empresas: los motivos por los que algunas multinacionales postergan su salida de la Argentina&#8220;&#8221; link=&#8221;url:https%3A%2F%2Ffga.com.ar%2Fwp-content%2Fuploads%2F2024%2F06%2FClarin-Exodo-de-Empresas-1.pdf|target:_blank&#8221; el_class=&#8221;no-text-transform no-line&#8221;][vc_separator][\/vc_column_inner][vc_column_inner][vc_custom_heading icon=&#8221;far fa-file-pdf&#8221; icon_size=&#8221;35&#8243; text=&#8221;Linvest Breakfast &amp; Business Volume 1 &#8211; Speaker &#8211; Mario Caramutti&#8221; font_container=&#8221;tag:h2|font_size:22|text_align:left|color:%23002e5b&#8221; google_fonts=&#8221;font_family:Poppins%3A300%2Cregular%2C500%2C600%2C700|font_style:500%20medium%3A500%3Anormal&#8221; subtitle=&#8221;Mayo 2024 &#8211; \u201cMitos, Realidades y Desaf\u00edos de un Gobierno Distinto\u201d&#8221; link=&#8221;url:https%3A%2F%2Ffga.com.ar%2Fwp-content%2Fuploads%2F2024%2F06%2FLinvest-Breakfast-Business-Vol.-1-28.05.24-Mario-Caramutti.pdf|target:_blank&#8221; el_class=&#8221;no-text-transform no-line&#8221;][vc_separator][\/vc_column_inner][vc_column_inner][vc_custom_heading icon=&#8221;far fa-file-pdf&#8221; icon_size=&#8221;35&#8243; text=&#8221;El Cronista &#8211; Patricio Rotman&#8221; font_container=&#8221;tag:h2|font_size:22|text_align:left|color:%23002e5b&#8221; google_fonts=&#8221;font_family:Poppins%3A300%2Cregular%2C500%2C600%2C700|font_style:500%20medium%3A500%3Anormal&#8221; subtitle=&#8221;Abril 2024 &#8211; \u201cQui\u00e9n es Qui\u00e9n 2024\u201d&#8221; link=&#8221;url:https%3A%2F%2Ffga.com.ar%2Fwp-content%2Fuploads%2F2024%2F04%2FCronista-QeQ-2024-29-04-2024.pdf|target:_blank&#8221; el_class=&#8221;no-text-transform no-line&#8221;][vc_separator][\/vc_column_inner][vc_column_inner][vc_custom_heading icon=&#8221;far fa-file-pdf&#8221; icon_size=&#8221;35&#8243; text=&#8221;Revista Apertura &#8211; Entrevista &#8211; Patricio Rotman&#8221; font_container=&#8221;tag:h2|font_size:22|text_align:left|color:%23002e5b&#8221; google_fonts=&#8221;font_family:Poppins%3A300%2Cregular%2C500%2C600%2C700|font_style:500%20medium%3A500%3Anormal&#8221; subtitle=&#8221;Diciembre 2023 &#8211; \u201cA la Espera de un Cambio\u201d&#8221; link=&#8221;url:https%3A%2F%2Ffga.com.ar%2Fwp-content%2Fuploads%2F2024%2F01%2FAnuario-MA-2023.pdf|target:_blank&#8221; el_class=&#8221;no-text-transform no-line&#8221;][vc_separator][\/vc_column_inner][\/vc_row_inner][vc_row_inner][vc_column_inner][vc_custom_heading icon=&#8221;far fa-file-pdf&#8221; icon_size=&#8221;35&#8243; text=&#8221;Gala a beneficio de Fleni&#8221; font_container=&#8221;tag:h2|font_size:22|text_align:left|color:%23002e5b&#8221; google_fonts=&#8221;font_family:Poppins%3A300%2Cregular%2C500%2C600%2C700|font_style:500%20medium%3A500%3Anormal&#8221; subtitle=&#8221;Septiembre 2024&#8243; link=&#8221;url:https%3A%2F%2Ffga.com.ar%2Fwp-content%2Fuploads%2F2024%2F10%2FGala_Fleni_2024.pdf|target:_blank&#8221; el_class=&#8221;no-text-transform no-line&#8221;][vc_separator][\/vc_column_inner][vc_column_inner][vc_custom_heading icon=&#8221;far fa-file-pdf&#8221; icon_size=&#8221;35&#8243; text=&#8221;Clar\u00edn &#8211; Entrevista &#8211; Mario Caramutti&#8221; font_container=&#8221;tag:h2|font_size:22|text_align:left|color:%23002e5b&#8221; google_fonts=&#8221;font_family:Poppins%3A300%2Cregular%2C500%2C600%2C700|font_style:500%20medium%3A500%3Anormal&#8221; subtitle=&#8221;Julio 2024 &#8211; &#8220;Una por una, todas las empresas que se fueron con Javier Milei y qui\u00e9nes las compraron&#8220;&#8221; link=&#8221;url:https%3A%2F%2Ffga.com.ar%2Fwp-content%2Fuploads%2F2024%2F07%2FClar%C3%ADn-Interview-Mario-Caramutti.pdf|target:_blank&#8221; el_class=&#8221;no-text-transform no-line&#8221;][vc_separator][\/vc_column_inner][vc_column_inner][vc_custom_heading icon=&#8221;far fa-file-pdf&#8221; icon_size=&#8221;35&#8243; text=&#8221;M&amp;A Worldwide report&#8221; font_container=&#8221;tag:h2|font_size:22|text_align:left|color:%23002e5b&#8221; google_fonts=&#8221;font_family:Poppins%3A300%2Cregular%2C500%2C600%2C700|font_style:500%20medium%3A500%3Anormal&#8221; subtitle=&#8221;Junio 2024 &#8211; &#8220;Clinic Consolidation: A Prescription for Success&#8220;&#8221; link=&#8221;url:https%3A%2F%2Ffga.com.ar%2Fwp-content%2Fuploads%2F2024%2F07%2FMA-WW_Industry-report_Healthcare_Q1-2024_vf.pdf|target:_blank&#8221; el_class=&#8221;no-text-transform no-line&#8221;][vc_separator][\/vc_column_inner][vc_column_inner][vc_custom_heading icon=&#8221;far fa-file-pdf&#8221; icon_size=&#8221;35&#8243; text=&#8221;F&amp;G &#8211; Milei\u2019s First Six Months in Government&#8221; font_container=&#8221;tag:h2|font_size:22|text_align:left|color:%23002e5b&#8221; google_fonts=&#8221;font_family:Poppins%3A300%2Cregular%2C500%2C600%2C700|font_style:500%20medium%3A500%3Anormal&#8221; subtitle=&#8221;Junio 2024&#8243; link=&#8221;url:https%3A%2F%2Ffga.com.ar%2Fwp-content%2Fuploads%2F2024%2F07%2FMilei%E2%80%99s-First-Six-Months-in-Government-v28.06.2024.pdf|target:_blank&#8221; el_class=&#8221;no-text-transform no-line&#8221;][vc_separator][\/vc_column_inner][vc_column_inner][vc_custom_heading icon=&#8221;far fa-file-pdf&#8221; icon_size=&#8221;35&#8243; text=&#8221;Clar\u00edn &#8211; Entrevista &#8211; Mario Caramutti&#8221; font_container=&#8221;tag:h2|font_size:22|text_align:left|color:%23002e5b&#8221; google_fonts=&#8221;font_family:Poppins%3A300%2Cregular%2C500%2C600%2C700|font_style:500%20medium%3A500%3Anormal&#8221; subtitle=&#8221;Junio 2024 &#8211; &#8220;\u00c9xodo de empresas: los motivos por los que algunas multinacionales postergan su salida de la Argentina&#8220;&#8221; link=&#8221;url:https%3A%2F%2Ffga.com.ar%2Fwp-content%2Fuploads%2F2024%2F06%2FClarin-Exodo-de-Empresas-1.pdf|target:_blank&#8221; el_class=&#8221;no-text-transform no-line&#8221;][vc_separator][\/vc_column_inner][vc_column_inner][vc_custom_heading icon=&#8221;far fa-file-pdf&#8221; icon_size=&#8221;35&#8243; text=&#8221;Linvest Breakfast &amp; Business Volume 1 &#8211; Speaker &#8211; Mario Caramutti&#8221; font_container=&#8221;tag:h2|font_size:22|text_align:left|color:%23002e5b&#8221; google_fonts=&#8221;font_family:Poppins%3A300%2Cregular%2C500%2C600%2C700|font_style:500%20medium%3A500%3Anormal&#8221; subtitle=&#8221;Mayo 2024 &#8211; \u201cMitos, Realidades y Desaf\u00edos de un Gobierno Distinto\u201d&#8221; link=&#8221;url:https%3A%2F%2Ffga.com.ar%2Fwp-content%2Fuploads%2F2024%2F06%2FLinvest-Breakfast-Business-Vol.-1-28.05.24-Mario-Caramutti.pdf|target:_blank&#8221; el_class=&#8221;no-text-transform no-line&#8221;][vc_separator][\/vc_column_inner][vc_column_inner][vc_custom_heading icon=&#8221;far fa-file-pdf&#8221; icon_size=&#8221;35&#8243; text=&#8221;El Cronista &#8211; Patricio Rotman&#8221; font_container=&#8221;tag:h2|font_size:22|text_align:left|color:%23002e5b&#8221; google_fonts=&#8221;font_family:Poppins%3A300%2Cregular%2C500%2C600%2C700|font_style:500%20medium%3A500%3Anormal&#8221; subtitle=&#8221;Abril 2024 &#8211; \u201cQui\u00e9n es Qui\u00e9n 2024\u201d&#8221; link=&#8221;url:https%3A%2F%2Ffga.com.ar%2Fwp-content%2Fuploads%2F2024%2F04%2FCronista-QeQ-2024-29-04-2024.pdf|target:_blank&#8221; el_class=&#8221;no-text-transform no-line&#8221;][vc_separator][\/vc_column_inner][vc_column_inner][vc_custom_heading icon=&#8221;far fa-file-pdf&#8221; icon_size=&#8221;35&#8243; text=&#8221;Revista Apertura &#8211; Entrevista &#8211; Patricio Rotman&#8221; font_container=&#8221;tag:h2|font_size:22|text_align:left|color:%23002e5b&#8221; google_fonts=&#8221;font_family:Poppins%3A300%2Cregular%2C500%2C600%2C700|font_style:500%20medium%3A500%3Anormal&#8221; subtitle=&#8221;Diciembre 2023 &#8211; \u201cA la Espera de un Cambio\u201d&#8221; link=&#8221;url:https%3A%2F%2Ffga.com.ar%2Fwp-content%2Fuploads%2F2024%2F01%2FAnuario-MA-2023.pdf|target:_blank&#8221; el_class=&#8221;no-text-transform no-line&#8221;][vc_separator][\/vc_column_inner][\/vc_row_inner][vc_row_inner][vc_column_inner][vc_custom_heading icon=&#8221;far fa-file-pdf&#8221; icon_size=&#8221;35&#8243; text=&#8221;Semanario B\u00fasqueda (Uruguay) &#8211; Entrevista &#8211; Patricio Rotman&#8221; font_container=&#8221;tag:h2|font_size:22|text_align:left|color:%23002e5b&#8221; google_fonts=&#8221;font_family:Poppins%3A300%2Cregular%2C500%2C600%2C700|font_style:500%20medium%3A500%3Anormal&#8221; subtitle=&#8221;Junio 2023 &#8211; \u201cArgentina No Tiene Rumbo\u201d&#8221; link=&#8221;url:https%3A%2F%2Ffga.com.ar%2Fwp-content%2Fuploads%2F2023%2F07%2Fnota-B%C3%BAsqueda-Uruguay.pdf|target:_blank&#8221; el_class=&#8221;no-text-transform no-line&#8221;][vc_separator][\/vc_column_inner][\/vc_row_inner][vc_row_inner][vc_column_inner][vc_custom_heading icon=&#8221;far fa-file-pdf&#8221; icon_size=&#8221;35&#8243; text=&#8221;Revista Apertura &#8211; Entrevista &#8211; Patricio Rotman&#8221; font_container=&#8221;tag:h2|font_size:22|text_align:left|color:%23002e5b&#8221; google_fonts=&#8221;font_family:Poppins%3A300%2Cregular%2C500%2C600%2C700|font_style:500%20medium%3A500%3Anormal&#8221; subtitle=&#8221;Enero 2023 &#8211; \u201cAl Ritmo de la Macro y la Pol\u00edtica\u201d&#8221; link=&#8221;url:https%3A%2F%2Ffga.com.ar%2Fwp-content%2Fuploads%2F2023%2F03%2FApertura-01-2023-02-200-dpi.jpg|target:_blank&#8221; el_class=&#8221;no-text-transform no-line&#8221;][vc_separator][\/vc_column_inner][\/vc_row_inner][vc_row_inner][vc_column_inner][vc_custom_heading icon=&#8221;far fa-file-pdf&#8221; icon_size=&#8221;35&#8243; text=&#8221;El Cronista &#8211; Entrevista &#8211; Mario Caramutti&#8221; font_container=&#8221;tag:h2|font_size:22|text_align:left|color:%23002e5b&#8221; google_fonts=&#8221;font_family:Poppins%3A300%2Cregular%2C500%2C600%2C700|font_style:500%20medium%3A500%3Anormal&#8221; subtitle=&#8221;Diciembre 2022 &#8211; \u201cLa Visi\u00f3n de los L\u00edderes 2023\u201d&#8221; link=&#8221;url:https%3A%2F%2Ffga.com.ar%2Fwp-content%2Fuploads%2F2022%2F12%2FCronista-Lideres-2023-B.pdf|target:_blank&#8221; el_class=&#8221;no-text-transform no-line&#8221;][vc_separator][\/vc_column_inner][\/vc_row_inner][vc_row_inner][vc_column_inner][vc_custom_heading icon=&#8221;far fa-file-pdf&#8221; icon_size=&#8221;35&#8243; text=&#8221;El Cronista &#8211; Negocios&#8221; font_container=&#8221;tag:h2|font_size:22|text_align:left|color:%23002e5b&#8221; google_fonts=&#8221;font_family:Poppins%3A300%2Cregular%2C500%2C600%2C700|font_style:500%20medium%3A500%3Anormal&#8221; subtitle=&#8221;Septiembre 2022 &#8211; \u201cEmpresa Multinacional Completa su Salida de Argentina\u201d&#8221; link=&#8221;url:https%3A%2F%2Ffga.com.ar%2Fwp-content%2Fuploads%2F2022%2F10%2FCronista-web-2022-09.png|target:_blank&#8221; el_class=&#8221;no-text-transform no-line&#8221;][vc_separator][\/vc_column_inner][\/vc_row_inner][vc_row_inner][vc_column_inner][vc_custom_heading icon=&#8221;far fa-file-pdf&#8221; icon_size=&#8221;35&#8243; text=&#8221;El Cronista &#8211; Negocios&#8221; font_container=&#8221;tag:h2|font_size:22|text_align:left|color:%23002e5b&#8221; google_fonts=&#8221;font_family:Poppins%3A300%2Cregular%2C500%2C600%2C700|font_style:500%20medium%3A500%3Anormal&#8221; subtitle=&#8221;Julio 2022 &#8211; \u201cOtra Multinacional que Se Va de Argentina\u201d&#8221; link=&#8221;url:https%3A%2F%2Ffga.com.ar%2Fwp-content%2Fuploads%2F2022%2F08%2FCronista-web-2022-01.png|target:_blank&#8221; el_class=&#8221;no-text-transform no-line&#8221;][vc_separator][\/vc_column_inner][\/vc_row_inner][vc_row_inner][vc_column_inner][vc_custom_heading icon=&#8221;far fa-file-pdf&#8221; icon_size=&#8221;35&#8243; text=&#8221;M&amp;A Worldwide report&#8221; font_container=&#8221;tag:h2|font_size:22|text_align:left|color:%23002e5b&#8221; google_fonts=&#8221;font_family:Poppins%3A300%2Cregular%2C500%2C600%2C700|font_style:500%20medium%3A500%3Anormal&#8221; subtitle=&#8221;Marzo 2022 &#8211; \u201cWe Increased the Number of Deals in 2021\u201d&#8221; link=&#8221;url:https%3A%2F%2Ffga.com.ar%2Fwp-content%2Fuploads%2F2022%2F04%2F2021-MWW-Figures-Press-Release.pdf|target:_blank&#8221; el_class=&#8221;no-text-transform no-line&#8221;][vc_separator][\/vc_column_inner][\/vc_row_inner][vc_row_inner][vc_column_inner][vc_custom_heading icon=&#8221;far fa-file-pdf&#8221; icon_size=&#8221;35&#8243; text=&#8221;M&amp;A Worldwide report&#8221; font_container=&#8221;tag:h2|font_size:22|text_align:left|color:%23002e5b&#8221; google_fonts=&#8221;font_family:Poppins%3A300%2Cregular%2C500%2C600%2C700|font_style:500%20medium%3A500%3Anormal&#8221; subtitle=&#8221;Marzo 2022 &#8211; \u201cThe Ever-Growing Importance of ESG in M&amp;A\u201d&#8221; link=&#8221;url:https%3A%2F%2Ffga.com.ar%2Fwp-content%2Fuploads%2F2022%2F03%2FMA-march-2022.png|target:_blank&#8221; el_class=&#8221;no-text-transform no-line&#8221;][vc_separator][\/vc_column_inner][\/vc_row_inner][vc_row_inner][vc_column_inner][vc_custom_heading icon=&#8221;far fa-file-pdf&#8221; icon_size=&#8221;35&#8243; text=&#8221;Revista Apertura &#8211; Entrevista &#8211; Patricio Rotman&#8221; font_container=&#8221;tag:h2|font_size:22|text_align:left|color:%23002e5b&#8221; google_fonts=&#8221;font_family:Poppins%3A300%2Cregular%2C500%2C600%2C700|font_style:500%20medium%3A500%3Anormal&#8221; subtitle=&#8221;Diciembre 2021 &#8211; &#8220;A Contramano del Mundo&#8220;&#8221; link=&#8221;url:https%3A%2F%2Ffga.com.ar%2Fa-contramano-del-mundo%2F|target:_blank&#8221; el_class=&#8221;no-text-transform no-line&#8221;][vc_separator][\/vc_column_inner][\/vc_row_inner][vc_row_inner][vc_column_inner][vc_custom_heading icon=&#8221;far fa-file-pdf&#8221; icon_size=&#8221;35&#8243; text=&#8221;El Cronista &#8211; Entrevista &#8211; Fernando Badessich&#8221; font_container=&#8221;tag:h2|font_size:22|text_align:left|color:%23002e5b&#8221; google_fonts=&#8221;font_family:Poppins%3A300%2Cregular%2C500%2C600%2C700|font_style:500%20medium%3A500%3Anormal&#8221; subtitle=&#8221;Diciembre 2021 &#8211; \u201cLa Visi\u00f3n de los L\u00edderes 2022\u201d&#8221; link=&#8221;url:https%3A%2F%2Ffga.com.ar%2Fwp-content%2Fuploads%2F2021%2F12%2FDiciembre-2021-Cronista-La-Vision-de-los-Lideres-2022-web.pdf&#8221; el_class=&#8221;no-text-transform no-line&#8221;][vc_separator][\/vc_column_inner][\/vc_row_inner][vc_row_inner][vc_column_inner][vc_custom_heading icon=&#8221;far fa-file-pdf&#8221; icon_size=&#8221;35&#8243; text=&#8221;Noviembre 2021 &#8211; \u201cCiclo de Conferencias sobre Banca de Inversi\u00f3n\u201d&#8221; font_container=&#8221;tag:h2|font_size:22|text_align:left|color:%23002e5b&#8221; google_fonts=&#8221;font_family:Poppins%3A300%2Cregular%2C500%2C600%2C700|font_style:500%20medium%3A500%3Anormal&#8221; subtitle=&#8221;Universidad Torcuato di Tella &#8211; Speaker &#8211; Mario Caramutti&#8221; link=&#8221;url:https%3A%2F%2Ffga.com.ar%2Fwp-content%2Fuploads%2F2021%2F10%2F01-Prensa-Universidad-Torcuato-Di-Tella-11-2021.jpg&#8221; el_class=&#8221;no-text-transform no-line&#8221;][vc_separator][\/vc_column_inner][\/vc_row_inner][vc_row_inner][vc_column_inner][vc_custom_heading icon=&#8221;far fa-file-pdf&#8221; icon_size=&#8221;35&#8243; text=&#8221;M&amp;A Worldwide report&#8221; font_container=&#8221;tag:h2|font_size:22|text_align:left|color:%23002e5b&#8221; google_fonts=&#8221;font_family:Poppins%3A300%2Cregular%2C500%2C600%2C700|font_style:500%20medium%3A500%3Anormal&#8221; subtitle=&#8221;Agosto 2021 &#8211; &#8220;Ingredion Incorporated created a Joint-Venture with Grupo Arcor in Argentina, Chile and Uruguay&#8220;&#8221; link=&#8221;url:https%3A%2F%2Ffga.com.ar%2Fwp-content%2Fuploads%2F2021%2F08%2F02-Noticia-MA-%E2%80%93-Ingredion-Arcor-CT.pdf&#8221; el_class=&#8221;no-text-transform no-line&#8221;][vc_separator][\/vc_column_inner][\/vc_row_inner][vc_row_inner][vc_column_inner][vc_custom_heading icon=&#8221;far fa-file-pdf&#8221; icon_size=&#8221;35&#8243; text=&#8221;El Cronista &#8211; Negocios&#8221; font_container=&#8221;tag:h2|font_size:22|text_align:left|color:%23002e5b&#8221; google_fonts=&#8221;font_family:Poppins%3A300%2Cregular%2C500%2C600%2C700|font_style:500%20medium%3A500%3Anormal&#8221; subtitle=&#8221;Marzo 2021 &#8211; &#8220;Ilolay Reestructur\u00f3 su Deuda y Lanza un Plan para Darle Batalla a la Crisis&#8220;&#8221; link=&#8221;url:https%3A%2F%2Ffga.com.ar%2Fwp-content%2Fuploads%2F2021%2F03%2FReestructuracion-Williner.pdf&#8221; el_class=&#8221;no-text-transform no-line&#8221;][vc_separator][\/vc_column_inner][\/vc_row_inner][vc_row_inner css=&#8221;.vc_custom_1495344921053{padding-top: 10px !important;}&#8221;][vc_column_inner][vc_custom_heading icon=&#8221;far fa-file-pdf&#8221; icon_size=&#8221;35&#8243; text=&#8221;Revista Apertura &#8211; Entrevista &#8211; Patricio Rotman&#8221; font_container=&#8221;tag:h2|font_size:22|text_align:left|color:%23002e5b&#8221; google_fonts=&#8221;font_family:Poppins%3A300%2Cregular%2C500%2C600%2C700|font_style:500%20medium%3A500%3Anormal&#8221; subtitle=&#8221;Diciembre 2020 &#8211; &#8220;M&amp;A en Ca\u00edda Libre\u201d&#8221; el_class=&#8221;no-text-transform no-line&#8221; link=&#8221;url:https%3A%2F%2Ffga.com.ar%2Fwp-content%2Fuploads%2F2021%2F01%2F01-Apertura-2021-Patricio-Rotman.pdf|target:_blank&#8221;][vc_separator][\/vc_column_inner][\/vc_row_inner][vc_row_inner css=&#8221;.vc_custom_1495344921053{padding-top: 10px !important;}&#8221;][vc_column_inner][vc_custom_heading icon=&#8221;far fa-file-pdf&#8221; icon_size=&#8221;35&#8243; text=&#8221;iPro UP &#8211; Entrevista &#8211; Patricio Rotman&#8221; font_container=&#8221;tag:h2|font_size:22|text_align:left|color:%23002e5b&#8221; google_fonts=&#8221;font_family:Poppins%3A300%2Cregular%2C500%2C600%2C700|font_style:500%20medium%3A500%3Anormal&#8221; subtitle=&#8221;Octubre 2020 &#8211; \u201cBuscan Irse pero No Hay Compradores\u201d&#8221; el_class=&#8221;no-text-transform no-line&#8221; link=&#8221;url:https%3A%2F%2Ffga.com.ar%2Fwp-content%2Fuploads%2F2020%2F10%2F20201006-Buscan-irse-pero-no-hay-compradores.-qu%C3%A9-tasa-de-retorno-pide&#8230;.pdf||target:%20_blank|&#8221;][vc_separator][\/vc_column_inner][\/vc_row_inner][vc_row_inner css=&#8221;.vc_custom_1495344921053{padding-top: 10px !important;}&#8221;][vc_column_inner][vc_custom_heading icon=&#8221;far fa-file-pdf&#8221; icon_size=&#8221;35&#8243; text=&#8221;Clar\u00edn Negocios &#8211; Entrevista &#8211; Patricio Rotman&#8221; font_container=&#8221;tag:h2|font_size:22|text_align:left|color:%23002e5b&#8221; google_fonts=&#8221;font_family:Poppins%3A300%2Cregular%2C500%2C600%2C700|font_style:500%20medium%3A500%3Anormal&#8221; subtitle=&#8221;Septiembre 2020 &#8211; &#8220;Crisis y Reconversi\u00f3n. Empresas Extranjeras en Fuga\u201d&#8221; el_class=&#8221;no-text-transform no-line&#8221; link=&#8221;url:https%3A%2F%2Ffga.com.ar%2Fwp-content%2Fuploads%2F2020%2F09%2FCrisis-y-reconversion.pdf||target:%20_blank|&#8221;][vc_separator][\/vc_column_inner][\/vc_row_inner][vc_row_inner css=&#8221;.vc_custom_1495344921053{padding-top: 10px !important;}&#8221;][vc_column_inner][vc_custom_heading icon=&#8221;far fa-file-pdf&#8221; icon_size=&#8221;35&#8243; text=&#8221;El Cronista &#8211; Entrevista &#8211; Mario Caramutti&#8221; font_container=&#8221;tag:h2|font_size:22|text_align:left|color:%23002e5b&#8221; google_fonts=&#8221;font_family:Poppins%3A300%2Cregular%2C500%2C600%2C700|font_style:500%20medium%3A500%3Anormal&#8221; subtitle=&#8221;Septiembre 2020 &#8211; &#8220;\u00c9xodo de Empresas: Cu\u00e1les Son las que Ya se Fueron del Pa\u00eds y las que Podr\u00edan Irse\u201d&#8221; el_class=&#8221;no-text-transform no-line&#8221; link=&#8221;url:https%3A%2F%2Ffga.com.ar%2Fwp-content%2Fuploads%2F2020%2F09%2FExodo-de-empresas.pdf||target:%20_blank|&#8221;][vc_separator][\/vc_column_inner][\/vc_row_inner][vc_row_inner css=&#8221;.vc_custom_1495344921053{padding-top: 10px !important;}&#8221;][vc_column_inner][vc_custom_heading icon=&#8221;far fa-file-pdf&#8221; icon_size=&#8221;35&#8243; text=&#8221;El Cronista &#8211; Mario Caramutti&#8221; font_container=&#8221;tag:h2|font_size:22|text_align:left|color:%23002e5b&#8221; google_fonts=&#8221;font_family:Poppins%3A300%2Cregular%2C500%2C600%2C700|font_style:500%20medium%3A500%3Anormal&#8221; subtitle=&#8221;Abril 2020 &#8211; \u201cQui\u00e9n es Qui\u00e9n 2020\u201d&#8221; el_class=&#8221;no-text-transform no-line&#8221; link=&#8221;url:https%3A%2F%2Ffga.com.ar%2Fwp-content%2Fuploads%2F2020%2F05%2FAbril-2020-El-Cronista-Quien-es-Quien.pdf||target:%20_blank|&#8221;][vc_separator][\/vc_column_inner][\/vc_row_inner][vc_row_inner css=&#8221;.vc_custom_1495344921053{padding-top: 10px !important;}&#8221;][vc_column_inner][vc_custom_heading icon=&#8221;far fa-file-pdf&#8221; icon_size=&#8221;35&#8243; text=&#8221;El Cronista &#8211; Entrevista &#8211; Mario Caramutti&#8221; font_container=&#8221;tag:h2|font_size:22|text_align:left|color:%23002e5b&#8221; google_fonts=&#8221;font_family:Poppins%3A300%2Cregular%2C500%2C600%2C700|font_style:500%20medium%3A500%3Anormal&#8221; subtitle=&#8221;Abril 2020 &#8211; &#8220;La otra Pandemia de los Balances: Recesi\u00f3n, Inflaci\u00f3n y Devaluaci\u00f3n\u201d&#8221; el_class=&#8221;no-text-transform no-line&#8221; link=&#8221;url:https%3A%2F%2Ffga.com.ar%2Fwp-content%2Fuploads%2F2020%2F05%2FAbril-2020-El-Cronista-Apertura-Negocios.pdf||target:%20_blank|&#8221;][vc_separator][\/vc_column_inner][\/vc_row_inner][vc_row_inner css=&#8221;.vc_custom_1495344921053{padding-top: 10px !important;}&#8221;][vc_column_inner][vc_custom_heading icon=&#8221;far fa-file-pdf&#8221; icon_size=&#8221;35&#8243; text=&#8221;El Cronista &#8211; Entrevista \u2013 Patricio Rotman &amp; Mario Caramutti&#8221; font_container=&#8221;tag:h2|font_size:22|text_align:left|color:%23002e5b&#8221; google_fonts=&#8221;font_family:Poppins%3A300%2Cregular%2C500%2C600%2C700|font_style:500%20medium%3A500%3Anormal&#8221; subtitle=&#8221;Febrero 2020 &#8211; &#8220;Quienes est\u00e1n detr\u00e1s de las reestructuraciones\u201d&#8221; el_class=&#8221;no-text-transform no-line&#8221; link=&#8221;url:https%3A%2F%2Ffga.com.ar%2Fwp-content%2Fuploads%2F2020%2F03%2FFebrero-2020-El-Cronista-Apertura-Negocios.pdf||target:%20_blank|&#8221;][vc_separator][\/vc_column_inner][\/vc_row_inner][vc_row_inner css=&#8221;.vc_custom_1495344921053{padding-top: 10px !important;}&#8221;][vc_column_inner][vc_custom_heading icon=&#8221;far fa-file-pdf&#8221; icon_size=&#8221;35&#8243; text=&#8221;M&amp;A Worldwide newsletter&#8221; font_container=&#8221;tag:h2|font_size:22|text_align:left|color:%23002e5b&#8221; google_fonts=&#8221;font_family:Poppins%3A300%2Cregular%2C500%2C600%2C700|font_style:500%20medium%3A500%3Anormal&#8221; subtitle=&#8221;Enero 2020 &#8211; &#8220;Featured Market Argentina\u201d&#8221; el_class=&#8221;no-text-transform no-line&#8221; link=&#8221;url:https%3A%2F%2Ffga.com.ar%2Fwp-content%2Fuploads%2F2020%2F02%2FEnero-2020-MA-Worlwide-Newsletter.pdf||target:%20_blank|&#8221;][vc_separator][\/vc_column_inner][\/vc_row_inner][vc_row_inner css=&#8221;.vc_custom_1495344921053{padding-top: 10px !important;}&#8221;][vc_column_inner][vc_custom_heading icon=&#8221;far fa-file-pdf&#8221; icon_size=&#8221;35&#8243; text=&#8221;Revista Apertura &#8211; Entrevista &#8211; Patricio Rotman&#8221; font_container=&#8221;tag:h2|font_size:22|text_align:left|color:%23002e5b&#8221; google_fonts=&#8221;font_family:Poppins%3A300%2Cregular%2C500%2C600%2C700|font_style:500%20medium%3A500%3Anormal&#8221; subtitle=&#8221;Diciembre 2019 &#8211; &#8220;Aversi\u00f3n al Riesgo Argentino\u201d&#8221; el_class=&#8221;no-text-transform no-line&#8221; link=&#8221;url:https%3A%2F%2Ffga.com.ar%2Fwp-content%2Fuploads%2F2020%2F02%2FDiciembre-2019-%E2%80%93-Apertura-%E2%80%93-Anuario-de-MA.pdf||target:%20_blank|&#8221;][vc_separator][\/vc_column_inner][\/vc_row_inner][vc_row_inner css=&#8221;.vc_custom_1495344921053{padding-top: 10px !important;}&#8221;][vc_column_inner][vc_custom_heading icon=&#8221;far fa-file-pdf&#8221; icon_size=&#8221;35&#8243; text=&#8221;El Cronista &#8211; Entrevista &#8211; Mario Caramutti&#8221; font_container=&#8221;tag:h2|font_size:22|text_align:left|color:%23002e5b&#8221; google_fonts=&#8221;font_family:Poppins%3A300%2Cregular%2C500%2C600%2C700|font_style:500%20medium%3A500%3Anormal&#8221; el_class=&#8221;no-text-transform no-line&#8221; link=&#8221;url:https%3A%2F%2Ffga.com.ar%2Fwp-content%2Fuploads%2F2020%2F02%2FDiciembre-2019-El-Cronista-La-Vision-de-los-Lideres-2020-v1.pdf||target:%20_blank|&#8221; subtitle=&#8221;Diciembre 2019 \u2013 \u201cLa Visi\u00f3n de los L\u00edderes 2020\u201d&#8221;][vc_separator][\/vc_column_inner][\/vc_row_inner][vc_row_inner css=&#8221;.vc_custom_1495344921053{padding-top: 10px !important;}&#8221;][vc_column_inner][vc_custom_heading icon=&#8221;far fa-file-pdf&#8221; icon_size=&#8221;35&#8243; text=&#8221;M&amp;A Worlwide flyer&#8221; font_container=&#8221;tag:h2|font_size:22|text_align:left|color:%23002e5b&#8221; google_fonts=&#8221;font_family:Poppins%3A300%2Cregular%2C500%2C600%2C700|font_style:500%20medium%3A500%3Anormal&#8221; el_class=&#8221;no-text-transform no-line&#8221; link=&#8221;url:https%3A%2F%2Ffga.com.ar%2Fwp-content%2Fuploads%2F2019%2F10%2FManuel-Saman.pdf||target:%20_blank|&#8221; subtitle=&#8221;Octubre 2019 &#8211; &#8220;Young Talents: Manuel Sam\u00e1n\u201d&#8221;][vc_separator][\/vc_column_inner][\/vc_row_inner][vc_row_inner css=&#8221;.vc_custom_1495344921053{padding-top: 10px !important;}&#8221;][vc_column_inner][vc_custom_heading icon=&#8221;far fa-file-pdf&#8221; icon_size=&#8221;35&#8243; text=&#8221;El Cronista &#8211; Entrevista &#8211; Patricio Rotman&#8221; font_container=&#8221;tag:h2|font_size:22|text_align:left|color:%23002e5b&#8221; google_fonts=&#8221;font_family:Poppins%3A300%2Cregular%2C500%2C600%2C700|font_style:500%20medium%3A500%3Anormal&#8221; el_class=&#8221;no-text-transform no-line&#8221; link=&#8221;url:https%3A%2F%2Ffga.com.ar%2Fwp-content%2Fuploads%2F2019%2F09%2FAgosto-2019-El-Cronista-Las-PASO-y-el-nuevo-d%C3%B3lar-congelan-el-mercado-de-fusiones-y-adquisiciones.pdf||target:%20_blank|&#8221; subtitle=&#8221;Agosto 2019 &#8211; &#8220;Las PASO y el nuevo d\u00f3lar congelan el mercado de fusiones y adquisiciones&#8220;&#8221;][vc_separator][\/vc_column_inner][\/vc_row_inner][vc_row_inner css=&#8221;.vc_custom_1495344921053{padding-top: 10px !important;}&#8221;][vc_column_inner][vc_custom_heading icon=&#8221;far fa-file-pdf&#8221; icon_size=&#8221;35&#8243; text=&#8221;Revista Hospital Guti\u00e9rrez 144 A\u00f1os&#8221; font_container=&#8221;tag:h2|font_size:22|text_align:left|color:%23002e5b&#8221; google_fonts=&#8221;font_family:Poppins%3A300%2Cregular%2C500%2C600%2C700|font_style:500%20medium%3A500%3Anormal&#8221; el_class=&#8221;no-text-transform no-line&#8221; link=&#8221;url:https%3A%2F%2Ffga.com.ar%2Fwp-content%2Fuploads%2F2019%2F07%2F144-a%C3%B1os-Hospital-Guti%C3%A9rrez.pdf||target:%20_blank|&#8221; subtitle=&#8221;Junio 2019 \u2013 \u201cJuntos por los Chicos\u201d&#8221;][vc_separator][\/vc_column_inner][\/vc_row_inner][vc_row_inner css=&#8221;.vc_custom_1495344921053{padding-top: 10px !important;}&#8221;][vc_column_inner][vc_custom_heading icon=&#8221;far fa-file-pdf&#8221; icon_size=&#8221;35&#8243; text=&#8221;El Cronista &#8211; Fernando Badessich&#8221; font_container=&#8221;tag:h2|font_size:22|text_align:left|color:%23002e5b&#8221; google_fonts=&#8221;font_family:Poppins%3A300%2Cregular%2C500%2C600%2C700|font_style:500%20medium%3A500%3Anormal&#8221; subtitle=&#8221;Marzo 2019 &#8211; \u201cQui\u00e9n es Qui\u00e9n 2019\u201d&#8221; el_class=&#8221;no-text-transform no-line&#8221; link=&#8221;url:https%3A%2F%2Ffga.com.ar%2Fwp-content%2Fuploads%2F2020%2F01%2FMarzo-2019-El-Cronista-Quien-es-Quien.pdf||target:%20_blank|&#8221;][vc_separator][\/vc_column_inner][\/vc_row_inner][vc_row_inner css=&#8221;.vc_custom_1495344921053{padding-top: 10px !important;}&#8221;][vc_column_inner][vc_custom_heading icon=&#8221;far fa-file-pdf&#8221; icon_size=&#8221;35&#8243; text=&#8221;El Cronista &#8211; Entrevista &#8211; Patricio Rotman&#8221; font_container=&#8221;tag:h2|font_size:22|text_align:left|color:%23002e5b&#8221; google_fonts=&#8221;font_family:Poppins%3A300%2Cregular%2C500%2C600%2C700|font_style:500%20medium%3A500%3Anormal&#8221; subtitle=&#8221;Diciembre 2018 \u2013 \u201cLa Visi\u00f3n de los L\u00edderes 2019\u201d&#8221; el_class=&#8221;no-text-transform no-line&#8221; link=&#8221;url:https%3A%2F%2Ffga.com.ar%2Fwp-content%2Fuploads%2F2020%2F02%2FDiciembre-2018-El-Cronista-La-Vision-de-los-Lideres-2019-v1.pdf||target:%20_blank|&#8221;][vc_separator][\/vc_column_inner][\/vc_row_inner][vc_row_inner css=&#8221;.vc_custom_1495344921053{padding-top: 10px !important;}&#8221;][vc_column_inner][vc_custom_heading icon=&#8221;far fa-file-pdf&#8221; icon_size=&#8221;35&#8243; text=&#8221;Revista Apertura &#8211; Entrevista &#8211; Patricio Rotman&#8221; font_container=&#8221;tag:h2|font_size:22|text_align:left|color:%23002e5b&#8221; google_fonts=&#8221;font_family:Poppins%3A300%2Cregular%2C500%2C600%2C700|font_style:500%20medium%3A500%3Anormal&#8221; subtitle=&#8221;Diciembre 2018 &#8211; &#8220;Actividad Sostenida a Pesar de la Crisis\u201d&#8221; el_class=&#8221;no-text-transform no-line&#8221; link=&#8221;url:https%3A%2F%2Ffga.com.ar%2Fwp-content%2Fuploads%2F2019%2F05%2FPatricio-Rotman-Revista-Apertura-Anuario-2018.pdf||target:%20_blank|&#8221;][vc_separator][\/vc_column_inner][\/vc_row_inner][vc_row_inner css=&#8221;.vc_custom_1495344921053{padding-top: 10px !important;}&#8221;][vc_column_inner][vc_custom_heading icon=&#8221;far fa-file-pdf&#8221; icon_size=&#8221;35&#8243; text=&#8221;Universidad Torcuato di Tella &#8211; Speaker &#8211; Mario Caramutti&#8221; font_container=&#8221;tag:h2|font_size:22|text_align:left|color:%23002e5b&#8221; google_fonts=&#8221;font_family:Poppins%3A300%2Cregular%2C500%2C600%2C700|font_style:500%20medium%3A500%3Anormal&#8221; subtitle=&#8221;Septiembre 2018 &#8211; \u201cCiclo de Conferencias sobre Banca de Inversi\u00f3n\u201d&#8221; el_class=&#8221;no-text-transform no-line&#8221; link=&#8221;url:https%3A%2F%2Ffga.com.ar%2Fwp-content%2Fuploads%2F2019%2F05%2FCharla-MC-UTDT-2018.pdf||target:%20_blank|&#8221;][vc_separator][\/vc_column_inner][\/vc_row_inner][vc_row_inner css=&#8221;.vc_custom_1495344921053{padding-top: 10px !important;}&#8221;][vc_column_inner][vc_custom_heading icon=&#8221;far fa-file-pdf&#8221; icon_size=&#8221;35&#8243; text=&#8221;El Cronista &#8211; Patricio Rotman&#8221; font_container=&#8221;tag:h2|font_size:22|text_align:left|color:%23002e5b&#8221; google_fonts=&#8221;font_family:Poppins%3A300%2Cregular%2C500%2C600%2C700|font_style:500%20medium%3A500%3Anormal&#8221; subtitle=&#8221;Marzo 2018 &#8211; \u201cQui\u00e9n es Qui\u00e9n 2018\u201d&#8221; el_class=&#8221;no-text-transform no-line&#8221; link=&#8221;url:https%3A%2F%2Ffga.com.ar%2Fwp-content%2Fuploads%2F2020%2F01%2FMarzo-2018-El-Cronista-Quien-es-Quien.pdf||target:%20_blank|&#8221;][vc_separator][\/vc_column_inner][\/vc_row_inner][vc_row_inner css=&#8221;.vc_custom_1495344921053{padding-top: 10px !important;}&#8221;][vc_column_inner][vc_custom_heading icon=&#8221;far fa-file-pdf&#8221; icon_size=&#8221;35&#8243; text=&#8221;Revista Apertura &#8211; Entrevista &#8211; Patricio Rotman&#8221; font_container=&#8221;tag:h2|font_size:22|text_align:left|color:%23002e5b&#8221; google_fonts=&#8221;font_family:Poppins%3A300%2Cregular%2C500%2C600%2C700|font_style:500%20medium%3A500%3Anormal&#8221; subtitle=&#8221;Diciembre 2017 &#8211; &#8220;Crecimiento sin Gradualismo\u201d&#8221; el_class=&#8221;no-text-transform no-line&#8221; link=&#8221;url:https%3A%2F%2Ffga.com.ar%2Fwp-content%2Fuploads%2F2018%2F02%2FDiciembre-2017-Apertura-Anuario-de-MA.pdf||target:%20_blank|&#8221;][vc_separator][\/vc_column_inner][\/vc_row_inner][vc_row_inner css=&#8221;.vc_custom_1495344921053{padding-top: 10px !important;}&#8221;][vc_column_inner][vc_custom_heading icon=&#8221;far fa-file-pdf&#8221; icon_size=&#8221;35&#8243; text=&#8221;Revista Apertura &#8211; Entrevista &#8211; Patricio Rotman&#8221; font_container=&#8221;tag:h2|font_size:22|text_align:left|color:%23002e5b&#8221; google_fonts=&#8221;font_family:Poppins%3A300%2Cregular%2C500%2C600%2C700|font_style:500%20medium%3A500%3Anormal&#8221; subtitle=&#8221;Diciembre 2016 &#8211; &#8220;El Resurgimiento\u201d&#8221; el_class=&#8221;no-text-transform no-line&#8221; link=&#8221;url:https%3A%2F%2Ffga.com.ar%2Fwp-content%2Fuploads%2F2017%2F05%2FDiciembre-2016-Apertura-Anuario-de-MA.pdf||target:%20_blank|&#8221;][vc_separator][\/vc_column_inner][\/vc_row_inner][vc_row_inner css=&#8221;.vc_custom_1495344921053{padding-top: 10px !important;}&#8221;][vc_column_inner][vc_custom_heading icon=&#8221;far fa-file-pdf&#8221; icon_size=&#8221;35&#8243; text=&#8221;Revista Apertura &#8211; Entrevista &#8211; Patricio Rotman&#8221; font_container=&#8221;tag:h2|font_size:22|text_align:left|color:%23002e5b&#8221; google_fonts=&#8221;font_family:Poppins%3A300%2Cregular%2C500%2C600%2C700|font_style:500%20medium%3A500%3Anormal&#8221; subtitle=&#8221;Diciembre 2015 &#8211; &#8220;En L\u00ednea con el Fin de Ciclo\u201d&#8221; el_class=&#8221;no-text-transform no-line&#8221; link=&#8221;url:https%3A%2F%2Ffga.com.ar%2Fwp-content%2Fuploads%2F2017%2F05%2Fapertura_anuario_2015.pdf||target:%20_blank|&#8221;][vc_separator][\/vc_column_inner][\/vc_row_inner][vc_row_inner css=&#8221;.vc_custom_1495344926501{padding-top: 10px !important;}&#8221;][vc_column_inner][vc_custom_heading icon=&#8221;far fa-file-pdf&#8221; icon_size=&#8221;35&#8243; text=&#8221;Revista Bank &#8211; Entrevista &#8211; Patricio Rotman&#8221; font_container=&#8221;tag:h2|font_size:22|text_align:left|color:%23002e5b&#8221; google_fonts=&#8221;font_family:Poppins%3A300%2Cregular%2C500%2C600%2C700|font_style:500%20medium%3A500%3Anormal&#8221; subtitle=&#8221;Diciembre 2015 &#8211; &#8220;Panorama M&amp;A 2016: un Nuevo Contexto Pol\u00edtico y Econ\u00f3mico\u201d&#8221; el_class=&#8221;no-text-transform no-line&#8221; link=&#8221;url:https%3A%2F%2Ffga.com.ar%2Fwp-content%2Fuploads%2F2017%2F05%2Fdiciembre2015_Bank_Panorama_2016.pdf||target:%20_blank|&#8221;][vc_separator][\/vc_column_inner][\/vc_row_inner][vc_row_inner css=&#8221;.vc_custom_1495344926501{padding-top: 10px !important;}&#8221;][vc_column_inner][vc_custom_heading icon=&#8221;far fa-file-pdf&#8221; icon_size=&#8221;35&#8243; text=&#8221;Revista Apertura &#8211; Entrevista &#8211; Patricio Rotman&#8221; font_container=&#8221;tag:h2|font_size:22|text_align:left|color:%23002e5b&#8221; google_fonts=&#8221;font_family:Poppins%3A300%2Cregular%2C500%2C600%2C700|font_style:500%20medium%3A500%3Anormal&#8221; subtitle=&#8221;Diciembre 2014 &#8211; &#8220;Por Debajo de la Crisis de 2001\/2\u201d&#8221; el_class=&#8221;no-text-transform no-line&#8221; link=&#8221;url:https%3A%2F%2Ffga.com.ar%2Fwp-content%2Fuploads%2F2017%2F05%2Fapertura_anuario_2014.pdf||target:%20_blank|&#8221;][vc_separator][\/vc_column_inner][\/vc_row_inner][vc_row_inner css=&#8221;.vc_custom_1495344926501{padding-top: 10px !important;}&#8221;][vc_column_inner][vc_custom_heading icon=&#8221;far fa-file-pdf&#8221; icon_size=&#8221;35&#8243; text=&#8221;Revista Apertura &#8211; Entrevista &#8211; Patricio Rotman&#8221; font_container=&#8221;tag:h2|font_size:22|text_align:left|color:%23002e5b&#8221; google_fonts=&#8221;font_family:Poppins%3A300%2Cregular%2C500%2C600%2C700|font_style:500%20medium%3A500%3Anormal&#8221; subtitle=&#8221;Diciembre 2013 &#8211; &#8220;En Ca\u00edda Libre\u201d&#8221; el_class=&#8221;no-text-transform no-line&#8221; link=&#8221;url:https%3A%2F%2Ffga.com.ar%2Fwp-content%2Fuploads%2F2017%2F05%2Fapertura_anuario_2013.pdf||target:%20_blank|&#8221;][vc_separator][\/vc_column_inner][\/vc_row_inner][vc_row_inner css=&#8221;.vc_custom_1495344926501{padding-top: 10px !important;}&#8221;][vc_column_inner][vc_custom_heading icon=&#8221;far fa-file-pdf&#8221; icon_size=&#8221;35&#8243; text=&#8221;Revista Apertura &#8211; Entrevista &#8211; Patricio Rotman&#8221; font_container=&#8221;tag:h2|font_size:22|text_align:left|color:%23002e5b&#8221; google_fonts=&#8221;font_family:Poppins%3A300%2Cregular%2C500%2C600%2C700|font_style:500%20medium%3A500%3Anormal&#8221; subtitle=&#8221;Diciembre 2012 &#8211; &#8220;Tocando Fondo\u201d&#8221; el_class=&#8221;no-text-transform no-line&#8221; link=&#8221;url:https%3A%2F%2Ffga.com.ar%2Fwp-content%2Fuploads%2F2017%2F05%2Fdiciembre2012_apertura_anuario_ma.pdf||target:%20_blank|&#8221;][vc_separator][\/vc_column_inner][\/vc_row_inner][vc_row_inner css=&#8221;.vc_custom_1495344926501{padding-top: 10px !important;}&#8221;][vc_column_inner][vc_custom_heading icon=&#8221;far fa-file-pdf&#8221; icon_size=&#8221;35&#8243; text=&#8221;Revista Apertura &#8211; Entrevista &#8211; Patricio Rotman&#8221; font_container=&#8221;tag:h2|font_size:22|text_align:left|color:%23002e5b&#8221; google_fonts=&#8221;font_family:Poppins%3A300%2Cregular%2C500%2C600%2C700|font_style:500%20medium%3A500%3Anormal&#8221; subtitle=&#8221;Diciembre 2011 &#8211; \u201cUn Cierre con Particularidades\u201d&#8221; el_class=&#8221;no-text-transform no-line&#8221; link=&#8221;url:https%3A%2F%2Ffga.com.ar%2Fwp-content%2Fuploads%2F2017%2F05%2Fnota_diciembre_2011.pdf||target:%20_blank|&#8221;][vc_separator][\/vc_column_inner][\/vc_row_inner][vc_row_inner css=&#8221;.vc_custom_1495344926501{padding-top: 10px !important;}&#8221;][vc_column_inner][vc_custom_heading icon=&#8221;far fa-file-pdf&#8221; icon_size=&#8221;35&#8243; text=&#8221;El Cronista &#8211; Entrevista &#8211; Patricio Rotman&#8221; font_container=&#8221;tag:h2|font_size:22|text_align:left|color:%23002e5b&#8221; google_fonts=&#8221;font_family:Poppins%3A300%2Cregular%2C500%2C600%2C700|font_style:500%20medium%3A500%3Anormal&#8221; subtitle=&#8221;Diciembre 2007 &#8211; \u201cUn Buen A\u00f1o para las Fusiones y Adquisiciones\u201d&#8221; el_class=&#8221;no-text-transform no-line&#8221; link=&#8221;url:https%3A%2F%2Ffga.com.ar%2Fwp-content%2Fuploads%2F2017%2F05%2Fanuncio_dic07_a.jpg||target:%20_blank|&#8221;][vc_separator][\/vc_column_inner][\/vc_row_inner][vc_row_inner css=&#8221;.vc_custom_1495344926501{padding-top: 10px !important;}&#8221;][vc_column_inner][vc_custom_heading icon=&#8221;far fa-file-pdf&#8221; icon_size=&#8221;35&#8243; text=&#8221;Revista Fortuna &#8211; Entrevista &#8211; Patricio Rotman&#8221; font_container=&#8221;tag:h2|font_size:22|text_align:left|color:%23002e5b&#8221; google_fonts=&#8221;font_family:Poppins%3A300%2Cregular%2C500%2C600%2C700|font_style:500%20medium%3A500%3Anormal&#8221; subtitle=&#8221;Noviembre 2007 &#8211; \u201cLas M\u00e1s Deseadas. Empresas en la Mira de Grupos Extranjeros\u201d&#8221; el_class=&#8221;no-text-transform no-line&#8221; link=&#8221;url:https%3A%2F%2Ffga.com.ar%2Fwp-content%2Fuploads%2F2017%2F05%2Fe6-nov2007-fortuna-deseadas.pdf||target:%20_blank|&#8221;][vc_separator][\/vc_column_inner][\/vc_row_inner][vc_row_inner css=&#8221;.vc_custom_1495344926501{padding-top: 10px !important;}&#8221;][vc_column_inner][vc_custom_heading icon=&#8221;far fa-file-pdf&#8221; icon_size=&#8221;35&#8243; text=&#8221;El Cronista &#8211; Entrevista &#8211; Patricio Rotman&#8221; font_container=&#8221;tag:h2|font_size:22|text_align:left|color:%23002e5b&#8221; google_fonts=&#8221;font_family:Poppins%3A300%2Cregular%2C500%2C600%2C700|font_style:500%20medium%3A500%3Anormal&#8221; subtitle=&#8221;Mayo 2007 &#8211; \u201cLos Hedge Funds como Alternativa Real de Financiamiento\u201d&#8221; el_class=&#8221;no-text-transform no-line&#8221; link=&#8221;url:https%3A%2F%2Ffga.com.ar%2Fwp-content%2Fuploads%2F2017%2F05%2Ffinanzas-gestion_alt_fin.pdf||target:%20_blank|&#8221;][vc_separator][\/vc_column_inner][\/vc_row_inner][vc_row_inner css=&#8221;.vc_custom_1495344926501{padding-top: 10px !important;}&#8221;][vc_column_inner][vc_custom_heading icon=&#8221;far fa-file-pdf&#8221; icon_size=&#8221;35&#8243; text=&#8221;El Cronista &#8211; Entrevista &#8211; Patricio Rotman&#8221; font_container=&#8221;tag:h2|font_size:22|text_align:left|color:%23002e5b&#8221; google_fonts=&#8221;font_family:Poppins%3A300%2Cregular%2C500%2C600%2C700|font_style:500%20medium%3A500%3Anormal&#8221; subtitle=&#8221;Enero 2006 &#8211; \u201cAn\u00e1lisis de Fusiones y Adquisiciones durante Enero de 2006\u201d&#8221; el_class=&#8221;no-text-transform no-line&#8221; link=&#8221;url:https%3A%2F%2Ffga.com.ar%2Fwp-content%2Fuploads%2F2017%2F05%2Fe1-ene-2006-cronista-actividad_d-_ma.pdf||target:%20_blank|&#8221;][vc_separator][\/vc_column_inner][\/vc_row_inner][vc_row_inner css=&#8221;.vc_custom_1495344926501{padding-top: 10px !important;}&#8221;][vc_column_inner][vc_custom_heading icon=&#8221;far fa-file-pdf&#8221; icon_size=&#8221;35&#8243; text=&#8221;Revista Apertura &#8211; Entrevista &#8211; Patricio Rotman&#8221; font_container=&#8221;tag:h2|font_size:22|text_align:left|color:%23002e5b&#8221; google_fonts=&#8221;font_family:Poppins%3A300%2Cregular%2C500%2C600%2C700|font_style:500%20medium%3A500%3Anormal&#8221; subtitle=&#8221;Noviembre 2004 &#8211; \u201cLa Agenda de Fusiones y Adquisiciones Concretadas\u201d&#8221; el_class=&#8221;no-text-transform no-line&#8221; link=&#8221;url:https%3A%2F%2Ffga.com.ar%2Fwp-content%2Fuploads%2F2017%2F05%2Fe2-nov2004-apertura-ma_que_vienen.pdf||target:%20_blank|&#8221;][vc_separator][\/vc_column_inner][\/vc_row_inner][vc_row_inner css=&#8221;.vc_custom_1495344926501{padding-top: 10px !important;}&#8221;][vc_column_inner][vc_custom_heading icon=&#8221;far fa-file-pdf&#8221; icon_size=&#8221;35&#8243; text=&#8221;Diario La Ley &#8211; Suplemento de Concursos y Quiebras &#8211; Patricio Rotman&#8221; font_container=&#8221;tag:h2|font_size:22|text_align:left|color:%23002e5b&#8221; google_fonts=&#8221;font_family:Poppins%3A300%2Cregular%2C500%2C600%2C700|font_style:500%20medium%3A500%3Anormal&#8221; subtitle=&#8221;Octubre 2003 &#8211; \u201cRevisi\u00f3n Conceptual de Consideraciones Pr\u00e1cticas\u201d&#8221; el_class=&#8221;no-text-transform no-line&#8221; link=&#8221;url:https%3A%2F%2Ffga.com.ar%2Fwp-content%2Fuploads%2F2017%2F05%2Fe3-oct2003-la_ley-valuacion.pdf||target:%20_blank|&#8221;][vc_separator][\/vc_column_inner][\/vc_row_inner][vc_row_inner css=&#8221;.vc_custom_1495344926501{padding-top: 10px !important;}&#8221;][vc_column_inner][vc_custom_heading icon=&#8221;far fa-file-pdf&#8221; icon_size=&#8221;35&#8243; text=&#8221;Revista Wharton School of the University of Pennsylvania &#8211; Nota &#8211; Patricio Rotman&#8221; font_container=&#8221;tag:h2|font_size:22|text_align:left|color:%23002e5b&#8221; google_fonts=&#8221;font_family:Poppins%3A300%2Cregular%2C500%2C600%2C700|font_style:500%20medium%3A500%3Anormal&#8221; subtitle=&#8221;Octubre 2003 \u2013 \u201cArgentina Sees a Revival of Private Equity Players\u201d&#8221; el_class=&#8221;no-text-transform no-line&#8221; link=&#8221;url:https%3A%2F%2Ffga.com.ar%2Fwp-content%2Fuploads%2F2017%2F05%2Fe4-oct_2003wharton_university-revival_of_private_equity.pdf||target:%20_blank|&#8221;][vc_separator][\/vc_column_inner][\/vc_row_inner][vc_row_inner css=&#8221;.vc_custom_1495344926501{padding-top: 10px !important;}&#8221;][vc_column_inner][vc_custom_heading icon=&#8221;far fa-file-pdf&#8221; icon_size=&#8221;35&#8243; text=&#8221;Revista Apertura &#8211; Entrevista &#8211; Patricio Rotman&#8221; font_container=&#8221;tag:h2|font_size:22|text_align:left|color:%23002e5b&#8221; google_fonts=&#8221;font_family:Poppins%3A300%2Cregular%2C500%2C600%2C700|font_style:500%20medium%3A500%3Anormal&#8221; subtitle=&#8221;Septiembre 2003 &#8211; \u201cM&amp;A Nueva Ola: los Principales Cambios de Manos durante 2003\u201d&#8221; el_class=&#8221;no-text-transform no-line&#8221; link=&#8221;url:https%3A%2F%2Ffga.com.ar%2Fwp-content%2Fuploads%2F2017%2F05%2Fe5-sep2003-apertura-ma_nueva_ola.pdf||target:%20_blank|&#8221;][vc_separator][\/vc_column_inner][\/vc_row_inner][\/vc_column][vc_column width=&#8221;2\/12&#8243;][\/vc_column][\/vc_row]<\/p>","protected":false},"excerpt":{"rendered":"<p>[vc_row full_width=&#8221;stretch_row_content_no_spaces&#8221; css=&#8221;.vc_custom_1495342692077{margin-bottom: 0px !important;}&#8221;][vc_column][vc_single_image image=&#8221;2230&#8243; img_size=&#8221;1350&#215;400&#8243; alignment=&#8221;center&#8221;][\/vc_column][\/vc_row][vc_row full_width=&#8221;stretch_row_content_no_spaces&#8221; css=&#8221;.vc_custom_1495343062134{padding-top: 50px !important;padding-bottom: 50px !important;background-color: #f2f2f2 !important;}&#8221;][vc_column][vc_custom_heading text=&#8221;Prensa&#8221; font_container=&#8221;tag:h1|text_align:center|color:%23002e5b&#8221; google_fonts=&#8221;font_family:Poppins%3A300%2Cregular%2C500%2C600%2C700|font_style:600%20semi-bold%3A600%3Anormal&#8221; subtitle_color=&#8221;#002e5b&#8221; el_class=&#8221;no-text-transform&#8221; css=&#8221;.vc_custom_1495658529899{padding-bottom: 20px !important;}&#8221;][vc_column_text el_class=&#8221;home-texto1 texto-desktop&#8221;] Los profesionales de Finanzas &amp; Gesti\u00f3n son consultados habitualmente por medios period\u00edsticos argentinos y extranjeros, especializados en econom\u00eda, finanzas y negocios, para proveer un marco de referencia sobre la<\/p>\n","protected":false},"author":1,"featured_media":0,"parent":0,"menu_order":0,"comment_status":"closed","ping_status":"closed","template":"","meta":{"footnotes":""},"class_list":["post-1986","page","type-page","status-publish","hentry"],"yoast_head":"<!-- This site is optimized with the Yoast SEO plugin v26.8 - https:\/\/yoast.com\/product\/yoast-seo-wordpress\/ -->\n<title>Prensa - FG - Finanzas &amp; Gesti\u00f3n<\/title>\n<meta name=\"robots\" content=\"index, follow, max-snippet:-1, max-image-preview:large, max-video-preview:-1\" \/>\n<link rel=\"canonical\" href=\"https:\/\/fga.com.ar\/prensa\/\" \/>\n<meta property=\"og:locale\" content=\"en_US\" \/>\n<meta property=\"og:type\" content=\"article\" \/>\n<meta property=\"og:title\" content=\"Prensa - FG - Finanzas &amp; Gesti\u00f3n\" \/>\n<meta property=\"og:description\" content=\"[vc_row full_width=&#8221;stretch_row_content_no_spaces&#8221; css=&#8221;.vc_custom_1495342692077{margin-bottom: 0px !important;}&#8221;][vc_column][vc_single_image image=&#8221;2230&#8243; img_size=&#8221;1350&#215;400&#8243; alignment=&#8221;center&#8221;][\/vc_column][\/vc_row][vc_row full_width=&#8221;stretch_row_content_no_spaces&#8221; css=&#8221;.vc_custom_1495343062134{padding-top: 50px !important;padding-bottom: 50px !important;background-color: #f2f2f2 !important;}&#8221;][vc_column][vc_custom_heading text=&#8221;Prensa&#8221; font_container=&#8221;tag:h1|text_align:center|color:%23002e5b&#8221; google_fonts=&#8221;font_family:Poppins%3A300%2Cregular%2C500%2C600%2C700|font_style:600%20semi-bold%3A600%3Anormal&#8221; subtitle_color=&#8221;#002e5b&#8221; el_class=&#8221;no-text-transform&#8221; css=&#8221;.vc_custom_1495658529899{padding-bottom: 20px !important;}&#8221;][vc_column_text el_class=&#8221;home-texto1 texto-desktop&#8221;] Los profesionales de Finanzas &amp; Gesti\u00f3n son consultados habitualmente por medios period\u00edsticos argentinos y extranjeros, especializados en econom\u00eda, finanzas y negocios, para proveer un marco de referencia sobre la\" \/>\n<meta property=\"og:url\" content=\"https:\/\/fga.com.ar\/prensa\/\" \/>\n<meta property=\"og:site_name\" content=\"FG - Finanzas &amp; Gesti\u00f3n\" \/>\n<meta property=\"article:modified_time\" content=\"2026-02-18T17:29:40+00:00\" \/>\n<meta name=\"twitter:card\" content=\"summary_large_image\" \/>\n<meta name=\"twitter:label1\" content=\"Est. reading time\" \/>\n\t<meta name=\"twitter:data1\" content=\"9 minutes\" \/>\n<script type=\"application\/ld+json\" class=\"yoast-schema-graph\">{\"@context\":\"https:\/\/schema.org\",\"@graph\":[{\"@type\":\"WebPage\",\"@id\":\"https:\/\/fga.com.ar\/prensa\/\",\"url\":\"https:\/\/fga.com.ar\/prensa\/\",\"name\":\"Prensa - FG - Finanzas &amp; Gesti\u00f3n\",\"isPartOf\":{\"@id\":\"https:\/\/fga.com.ar\/#website\"},\"datePublished\":\"2017-05-24T20:44:49+00:00\",\"dateModified\":\"2026-02-18T17:29:40+00:00\",\"breadcrumb\":{\"@id\":\"https:\/\/fga.com.ar\/prensa\/#breadcrumb\"},\"inLanguage\":\"en-US\",\"potentialAction\":[{\"@type\":\"ReadAction\",\"target\":[\"https:\/\/fga.com.ar\/prensa\/\"]}]},{\"@type\":\"BreadcrumbList\",\"@id\":\"https:\/\/fga.com.ar\/prensa\/#breadcrumb\",\"itemListElement\":[{\"@type\":\"ListItem\",\"position\":1,\"name\":\"Portada\",\"item\":\"https:\/\/fga.com.ar\/\"},{\"@type\":\"ListItem\",\"position\":2,\"name\":\"Prensa\"}]},{\"@type\":\"WebSite\",\"@id\":\"https:\/\/fga.com.ar\/#website\",\"url\":\"https:\/\/fga.com.ar\/\",\"name\":\"FG - Finanzas &amp; Gesti\u00f3n\",\"description\":\"Servicios de asesoramiento estrat\u00e9gico-financiero\",\"publisher\":{\"@id\":\"https:\/\/fga.com.ar\/#organization\"},\"potentialAction\":[{\"@type\":\"SearchAction\",\"target\":{\"@type\":\"EntryPoint\",\"urlTemplate\":\"https:\/\/fga.com.ar\/?s={search_term_string}\"},\"query-input\":{\"@type\":\"PropertyValueSpecification\",\"valueRequired\":true,\"valueName\":\"search_term_string\"}}],\"inLanguage\":\"en-US\"},{\"@type\":\"Organization\",\"@id\":\"https:\/\/fga.com.ar\/#organization\",\"name\":\"Finanzas y Gesti\u00f3n\",\"url\":\"https:\/\/fga.com.ar\/\",\"logo\":{\"@type\":\"ImageObject\",\"inLanguage\":\"en-US\",\"@id\":\"https:\/\/fga.com.ar\/#\/schema\/logo\/image\/\",\"url\":\"https:\/\/fga.com.ar\/wp-content\/uploads\/2017\/05\/FG-Logo.png\",\"contentUrl\":\"https:\/\/fga.com.ar\/wp-content\/uploads\/2017\/05\/FG-Logo.png\",\"width\":400,\"height\":71,\"caption\":\"Finanzas y Gesti\u00f3n\"},\"image\":{\"@id\":\"https:\/\/fga.com.ar\/#\/schema\/logo\/image\/\"}}]}<\/script>\n<!-- \/ Yoast SEO plugin. -->","yoast_head_json":{"title":"Prensa - FG - Finanzas &amp; Gesti\u00f3n","robots":{"index":"index","follow":"follow","max-snippet":"max-snippet:-1","max-image-preview":"max-image-preview:large","max-video-preview":"max-video-preview:-1"},"canonical":"https:\/\/fga.com.ar\/prensa\/","og_locale":"en_US","og_type":"article","og_title":"Prensa - FG - Finanzas &amp; Gesti\u00f3n","og_description":"[vc_row full_width=&#8221;stretch_row_content_no_spaces&#8221; css=&#8221;.vc_custom_1495342692077{margin-bottom: 0px !important;}&#8221;][vc_column][vc_single_image image=&#8221;2230&#8243; img_size=&#8221;1350&#215;400&#8243; alignment=&#8221;center&#8221;][\/vc_column][\/vc_row][vc_row full_width=&#8221;stretch_row_content_no_spaces&#8221; css=&#8221;.vc_custom_1495343062134{padding-top: 50px !important;padding-bottom: 50px !important;background-color: #f2f2f2 !important;}&#8221;][vc_column][vc_custom_heading text=&#8221;Prensa&#8221; font_container=&#8221;tag:h1|text_align:center|color:%23002e5b&#8221; google_fonts=&#8221;font_family:Poppins%3A300%2Cregular%2C500%2C600%2C700|font_style:600%20semi-bold%3A600%3Anormal&#8221; subtitle_color=&#8221;#002e5b&#8221; el_class=&#8221;no-text-transform&#8221; css=&#8221;.vc_custom_1495658529899{padding-bottom: 20px !important;}&#8221;][vc_column_text el_class=&#8221;home-texto1 texto-desktop&#8221;] Los profesionales de Finanzas &amp; Gesti\u00f3n son consultados habitualmente por medios period\u00edsticos argentinos y extranjeros, especializados en econom\u00eda, finanzas y negocios, para proveer un marco de referencia sobre la","og_url":"https:\/\/fga.com.ar\/prensa\/","og_site_name":"FG - Finanzas &amp; Gesti\u00f3n","article_modified_time":"2026-02-18T17:29:40+00:00","twitter_card":"summary_large_image","twitter_misc":{"Est. reading time":"9 minutes"},"schema":{"@context":"https:\/\/schema.org","@graph":[{"@type":"WebPage","@id":"https:\/\/fga.com.ar\/prensa\/","url":"https:\/\/fga.com.ar\/prensa\/","name":"Prensa - FG - Finanzas &amp; Gesti\u00f3n","isPartOf":{"@id":"https:\/\/fga.com.ar\/#website"},"datePublished":"2017-05-24T20:44:49+00:00","dateModified":"2026-02-18T17:29:40+00:00","breadcrumb":{"@id":"https:\/\/fga.com.ar\/prensa\/#breadcrumb"},"inLanguage":"en-US","potentialAction":[{"@type":"ReadAction","target":["https:\/\/fga.com.ar\/prensa\/"]}]},{"@type":"BreadcrumbList","@id":"https:\/\/fga.com.ar\/prensa\/#breadcrumb","itemListElement":[{"@type":"ListItem","position":1,"name":"Portada","item":"https:\/\/fga.com.ar\/"},{"@type":"ListItem","position":2,"name":"Prensa"}]},{"@type":"WebSite","@id":"https:\/\/fga.com.ar\/#website","url":"https:\/\/fga.com.ar\/","name":"FG - Finanzas &amp; Gesti\u00f3n","description":"Servicios de asesoramiento estrat\u00e9gico-financiero","publisher":{"@id":"https:\/\/fga.com.ar\/#organization"},"potentialAction":[{"@type":"SearchAction","target":{"@type":"EntryPoint","urlTemplate":"https:\/\/fga.com.ar\/?s={search_term_string}"},"query-input":{"@type":"PropertyValueSpecification","valueRequired":true,"valueName":"search_term_string"}}],"inLanguage":"en-US"},{"@type":"Organization","@id":"https:\/\/fga.com.ar\/#organization","name":"Finanzas y Gesti\u00f3n","url":"https:\/\/fga.com.ar\/","logo":{"@type":"ImageObject","inLanguage":"en-US","@id":"https:\/\/fga.com.ar\/#\/schema\/logo\/image\/","url":"https:\/\/fga.com.ar\/wp-content\/uploads\/2017\/05\/FG-Logo.png","contentUrl":"https:\/\/fga.com.ar\/wp-content\/uploads\/2017\/05\/FG-Logo.png","width":400,"height":71,"caption":"Finanzas y Gesti\u00f3n"},"image":{"@id":"https:\/\/fga.com.ar\/#\/schema\/logo\/image\/"}}]}},"_links":{"self":[{"href":"https:\/\/fga.com.ar\/en\/wp-json\/wp\/v2\/pages\/1986","targetHints":{"allow":["GET"]}}],"collection":[{"href":"https:\/\/fga.com.ar\/en\/wp-json\/wp\/v2\/pages"}],"about":[{"href":"https:\/\/fga.com.ar\/en\/wp-json\/wp\/v2\/types\/page"}],"author":[{"embeddable":true,"href":"https:\/\/fga.com.ar\/en\/wp-json\/wp\/v2\/users\/1"}],"replies":[{"embeddable":true,"href":"https:\/\/fga.com.ar\/en\/wp-json\/wp\/v2\/comments?post=1986"}],"version-history":[{"count":142,"href":"https:\/\/fga.com.ar\/en\/wp-json\/wp\/v2\/pages\/1986\/revisions"}],"predecessor-version":[{"id":4793,"href":"https:\/\/fga.com.ar\/en\/wp-json\/wp\/v2\/pages\/1986\/revisions\/4793"}],"wp:attachment":[{"href":"https:\/\/fga.com.ar\/en\/wp-json\/wp\/v2\/media?parent=1986"}],"curies":[{"name":"wp","href":"https:\/\/api.w.org\/{rel}","templated":true}]}}